{"id":15,"date":"2014-03-10T15:41:47","date_gmt":"2014-03-10T14:41:47","guid":{"rendered":"http:\/\/www.elizabethdeportzamparc.com\/?page_id=15"},"modified":"2020-11-05T16:03:27","modified_gmt":"2020-11-05T15:03:27","slug":"portrait","status":"publish","type":"page","link":"https:\/\/www.2pedp.com\/fr\/portrait\/","title":{"rendered":"Portrait"},"content":{"rendered":"<div class=\"row w2col reg\">\n<div class=\"blk col c1\">\n\t\t<img width=\"525\" height=\"744\" src=\"https:\/\/www.elizabethdeportzamparc.com\/wp-content\/uploads\/2019\/06\/apollinecornuet_laclefproduction_alc3512-web_r-525x744.png\" class=\"attachment-full-m size-full-m\" alt=\"\" srcset=\"https:\/\/www.elizabethdeportzamparc.com\/wp-content\/uploads\/2019\/06\/apollinecornuet_laclefproduction_alc3512-web_r-525x744.png 525w, https:\/\/www.elizabethdeportzamparc.com\/wp-content\/uploads\/2019\/06\/apollinecornuet_laclefproduction_alc3512-web_r-212x300.png 212w, https:\/\/www.elizabethdeportzamparc.com\/wp-content\/uploads\/2019\/06\/apollinecornuet_laclefproduction_alc3512-web_r-768x1088.png 768w, https:\/\/www.elizabethdeportzamparc.com\/wp-content\/uploads\/2019\/06\/apollinecornuet_laclefproduction_alc3512-web_r-723x1024.png 723w, https:\/\/www.elizabethdeportzamparc.com\/wp-content\/uploads\/2019\/06\/apollinecornuet_laclefproduction_alc3512-web_r-740x1048.png 740w, https:\/\/www.elizabethdeportzamparc.com\/wp-content\/uploads\/2019\/06\/apollinecornuet_laclefproduction_alc3512-web_r-630x892.png 630w, https:\/\/www.elizabethdeportzamparc.com\/wp-content\/uploads\/2019\/06\/apollinecornuet_laclefproduction_alc3512-web_r-415x588.png 415w, https:\/\/www.elizabethdeportzamparc.com\/wp-content\/uploads\/2019\/06\/apollinecornuet_laclefproduction_alc3512-web_r-300x425.png 300w, https:\/\/www.elizabethdeportzamparc.com\/wp-content\/uploads\/2019\/06\/apollinecornuet_laclefproduction_alc3512-web_r-262x370.png 262w, https:\/\/www.elizabethdeportzamparc.com\/wp-content\/uploads\/2019\/06\/apollinecornuet_laclefproduction_alc3512-web_r-207x292.png 207w, https:\/\/www.elizabethdeportzamparc.com\/wp-content\/uploads\/2019\/06\/apollinecornuet_laclefproduction_alc3512-web_r.png 965w\" sizes=\"(max-width: 525px) 100vw, 525px\" \/>\t<\/div>\n<div class=\"blk col c2\">\n<p>Elizabeth de Portzamparc est architecte et sociologue. Tr\u00e8s jeune elle fonde et dirige l\u2019Atelier d\u2019Urbanisme Participatif d\u2019Antony et se concentre en particulier sur les diff\u00e9rents usages des b\u00e2timents et de la ville, mais aussi sur l\u2019identit\u00e9 et le g\u00e9nie des lieux. Sa conviction est que la qualit\u00e9 d\u2019une ville d\u00e9pend de la diversit\u00e9 de ses espaces urbains, qui lui permet d\u2019\u00eatre habit\u00e9e, dans les nombreux sens du terme. Ses diff\u00e9rents lieux et leur ambiance doivent favoriser des usages vari\u00e9s, qu\u2019ils rel\u00e8vent de pratiques individuelles ou collectives, priv\u00e9es ou publiques. Elle a donc cr\u00e9\u00e9 la notion de hi\u00e9rarchie de l\u2019intimit\u00e9, un principe de conception qu\u2019elle d\u00e9cline \u00e0 toutes les \u00e9chelles de la ville, de la rue \u00e0 la m\u00e9tropole.<br \/>\nL\u2019ensemble de son \u0153uvre et de ses th\u00e9ories illustre ce qu\u2019elle qualifie aujourd\u2019hui d\u2019 \u00ab architecture de liens \u00bb. Cette vision sur laquelle se base son travail exprime une id\u00e9e fondamentale : l\u2019architecte doit prendre en compte la totalit\u00e9 des liens qu\u2019un projet \u00e9tablit avec son contexte \u00e0 la fois physique et culturel. Pour Elizabeth de Portzamparc, c\u2019est seulement par la prise en compte simultan\u00e9e de tous ces \u00e9l\u00e9ments que la ville pourra devenir r\u00e9ellement durable. C\u2019est aussi ce qui rend son travail unique. Particuli\u00e8rement sensibilis\u00e9e aux sujets environnementaux, elle a cr\u00e9\u00e9 en 2008 au sein de son agence l\u2019Atelier d\u2019urbanisme durable, avec une \u00e9quipe pluridisciplinaire comprenant des sociologues et des anthropologues qui participent \u00e0 l\u2019\u00e9laboration de ses projets exp\u00e9rimentaux.<br \/>\nOn lui doit l\u2019une des cinq gares embl\u00e9matiques du Grand Paris, celle du Bourget, ainsi que la grande Biblioth\u00e8que du Campus Condorcet et la Tour TIOC \u00e0 Ta\u00efwan. Symbole de la ville de Taichung, elle sera la premi\u00e8re tour de 4e g\u00e9n\u00e9ration pens\u00e9e comme un village, un v\u00e9ritable quartier vertical. Il faut \u00e9galement citer le Palais des Sciences de Pudong qui ouvrira en 2021, un \u00e9quipement phare de la future \u00ab Silicon Valley \u00bb chinoise de Shanghai. Son mus\u00e9e de la Romanit\u00e9 \u00e0 N\u00eemes, inaugur\u00e9 en 2018, a \u00e9t\u00e9 class\u00e9 par le magazine AD comme l\u2019un des plus importants mus\u00e9es construits dans le monde depuis 1950.<\/p>\n<\/p><\/div>\n<\/div>\n<div class=\"row\">\n<div class=\"blk \">\n\t\t\t<\/div>\n<\/div>\n","protected":false},"excerpt":{"rendered":"<p>Elizabeth de Portzamparc est architecte et sociologue. Tr\u00e8s jeune elle fonde et dirige l\u2019Atelier d\u2019Urbanisme Participatif d\u2019Antony et se concentre en particulier sur les diff\u00e9rents usages des b\u00e2timents et de la ville, mais aussi sur l\u2019identit\u00e9 et le g\u00e9nie des lieux. Sa conviction est que la qualit\u00e9 d\u2019une ville d\u00e9pend de la diversit\u00e9 de ses [&hellip;]<\/p>\n","protected":false},"author":8,"featured_media":0,"parent":0,"menu_order":30,"comment_status":"closed","ping_status":"closed","template":"","meta":[],"yoast_head":"<!-- This site is optimized with the Yoast SEO plugin v19.13 - https:\/\/yoast.com\/wordpress\/plugins\/seo\/ -->\n<title>Portrait - Elizabeth de Portzamparc<\/title>\n<meta name=\"robots\" content=\"noindex, follow, max-snippet:-1, max-image-preview:large, max-video-preview:-1\" \/>\n<meta property=\"og:locale\" content=\"fr_FR\" \/>\n<meta property=\"og:type\" content=\"article\" \/>\n<meta property=\"og:title\" content=\"Portrait - Elizabeth de Portzamparc\" \/>\n<meta property=\"og:description\" content=\"Elizabeth de Portzamparc est architecte et sociologue. Tr\u00e8s jeune elle fonde et dirige l\u2019Atelier d\u2019Urbanisme Participatif d\u2019Antony et se concentre en particulier sur les diff\u00e9rents usages des b\u00e2timents et de la ville, mais aussi sur l\u2019identit\u00e9 et le g\u00e9nie des lieux. Sa conviction est que la qualit\u00e9 d\u2019une ville d\u00e9pend de la diversit\u00e9 de ses [&hellip;]\" \/>\n<meta property=\"og:url\" content=\"https:\/\/www.2pedp.com\/fr\/portrait\/\" \/>\n<meta property=\"og:site_name\" content=\"Elizabeth de Portzamparc\" \/>\n<meta property=\"article:modified_time\" content=\"2020-11-05T15:03:27+00:00\" \/>\n<meta property=\"og:image\" content=\"https:\/\/www.elizabethdeportzamparc.com\/wp-content\/uploads\/2019\/06\/apollinecornuet_laclefproduction_alc3512-web_r-525x744.png\" \/>\n<meta name=\"twitter:card\" content=\"summary_large_image\" \/>\n<meta name=\"twitter:label1\" content=\"Dur\u00e9e de lecture estim\u00e9e\" \/>\n\t<meta name=\"twitter:data1\" content=\"2 minutes\" \/>\n<script type=\"application\/ld+json\" class=\"yoast-schema-graph\">{\"@context\":\"https:\/\/schema.org\",\"@graph\":[{\"@type\":\"WebPage\",\"@id\":\"https:\/\/www.2pedp.com\/fr\/portrait\/\",\"url\":\"https:\/\/www.2pedp.com\/fr\/portrait\/\",\"name\":\"Portrait - Elizabeth de Portzamparc\",\"isPartOf\":{\"@id\":\"https:\/\/www.2pedp.com\/fr\/#website\"},\"datePublished\":\"2014-03-10T14:41:47+00:00\",\"dateModified\":\"2020-11-05T15:03:27+00:00\",\"breadcrumb\":{\"@id\":\"https:\/\/www.2pedp.com\/fr\/portrait\/#breadcrumb\"},\"inLanguage\":\"fr-FR\",\"potentialAction\":[{\"@type\":\"ReadAction\",\"target\":[\"https:\/\/www.2pedp.com\/fr\/portrait\/\"]}]},{\"@type\":\"BreadcrumbList\",\"@id\":\"https:\/\/www.2pedp.com\/fr\/portrait\/#breadcrumb\",\"itemListElement\":[{\"@type\":\"ListItem\",\"position\":1,\"name\":\"Accueil\",\"item\":\"https:\/\/www.2pedp.com\/fr\/\"},{\"@type\":\"ListItem\",\"position\":2,\"name\":\"Portrait\"}]},{\"@type\":\"WebSite\",\"@id\":\"https:\/\/www.2pedp.com\/fr\/#website\",\"url\":\"https:\/\/www.2pedp.com\/fr\/\",\"name\":\"Elizabeth de Portzamparc\",\"description\":\"\",\"potentialAction\":[{\"@type\":\"SearchAction\",\"target\":{\"@type\":\"EntryPoint\",\"urlTemplate\":\"https:\/\/www.2pedp.com\/fr\/?s={search_term_string}\"},\"query-input\":\"required name=search_term_string\"}],\"inLanguage\":\"fr-FR\"}]}<\/script>\n<!-- \/ Yoast SEO plugin. -->","yoast_head_json":{"title":"Portrait - Elizabeth de Portzamparc","robots":{"index":"noindex","follow":"follow","max-snippet":"max-snippet:-1","max-image-preview":"max-image-preview:large","max-video-preview":"max-video-preview:-1"},"og_locale":"fr_FR","og_type":"article","og_title":"Portrait - Elizabeth de Portzamparc","og_description":"Elizabeth de Portzamparc est architecte et sociologue. Tr\u00e8s jeune elle fonde et dirige l\u2019Atelier d\u2019Urbanisme Participatif d\u2019Antony et se concentre en particulier sur les diff\u00e9rents usages des b\u00e2timents et de la ville, mais aussi sur l\u2019identit\u00e9 et le g\u00e9nie des lieux. Sa conviction est que la qualit\u00e9 d\u2019une ville d\u00e9pend de la diversit\u00e9 de ses [&hellip;]","og_url":"https:\/\/www.2pedp.com\/fr\/portrait\/","og_site_name":"Elizabeth de Portzamparc","article_modified_time":"2020-11-05T15:03:27+00:00","og_image":[{"url":"https:\/\/www.elizabethdeportzamparc.com\/wp-content\/uploads\/2019\/06\/apollinecornuet_laclefproduction_alc3512-web_r-525x744.png"}],"twitter_card":"summary_large_image","twitter_misc":{"Dur\u00e9e de lecture estim\u00e9e":"2 minutes"},"schema":{"@context":"https:\/\/schema.org","@graph":[{"@type":"WebPage","@id":"https:\/\/www.2pedp.com\/fr\/portrait\/","url":"https:\/\/www.2pedp.com\/fr\/portrait\/","name":"Portrait - Elizabeth de Portzamparc","isPartOf":{"@id":"https:\/\/www.2pedp.com\/fr\/#website"},"datePublished":"2014-03-10T14:41:47+00:00","dateModified":"2020-11-05T15:03:27+00:00","breadcrumb":{"@id":"https:\/\/www.2pedp.com\/fr\/portrait\/#breadcrumb"},"inLanguage":"fr-FR","potentialAction":[{"@type":"ReadAction","target":["https:\/\/www.2pedp.com\/fr\/portrait\/"]}]},{"@type":"BreadcrumbList","@id":"https:\/\/www.2pedp.com\/fr\/portrait\/#breadcrumb","itemListElement":[{"@type":"ListItem","position":1,"name":"Accueil","item":"https:\/\/www.2pedp.com\/fr\/"},{"@type":"ListItem","position":2,"name":"Portrait"}]},{"@type":"WebSite","@id":"https:\/\/www.2pedp.com\/fr\/#website","url":"https:\/\/www.2pedp.com\/fr\/","name":"Elizabeth de Portzamparc","description":"","potentialAction":[{"@type":"SearchAction","target":{"@type":"EntryPoint","urlTemplate":"https:\/\/www.2pedp.com\/fr\/?s={search_term_string}"},"query-input":"required name=search_term_string"}],"inLanguage":"fr-FR"}]}},"_links":{"self":[{"href":"https:\/\/www.2pedp.com\/fr\/wp-json\/wp\/v2\/pages\/15"}],"collection":[{"href":"https:\/\/www.2pedp.com\/fr\/wp-json\/wp\/v2\/pages"}],"about":[{"href":"https:\/\/www.2pedp.com\/fr\/wp-json\/wp\/v2\/types\/page"}],"author":[{"embeddable":true,"href":"https:\/\/www.2pedp.com\/fr\/wp-json\/wp\/v2\/users\/8"}],"replies":[{"embeddable":true,"href":"https:\/\/www.2pedp.com\/fr\/wp-json\/wp\/v2\/comments?post=15"}],"version-history":[{"count":64,"href":"https:\/\/www.2pedp.com\/fr\/wp-json\/wp\/v2\/pages\/15\/revisions"}],"predecessor-version":[{"id":11783,"href":"https:\/\/www.2pedp.com\/fr\/wp-json\/wp\/v2\/pages\/15\/revisions\/11783"}],"wp:attachment":[{"href":"https:\/\/www.2pedp.com\/fr\/wp-json\/wp\/v2\/media?parent=15"}],"curies":[{"name":"wp","href":"https:\/\/api.w.org\/{rel}","templated":true}]}}